{"id":2750,"date":"2026-04-01T14:43:42","date_gmt":"2026-04-01T12:43:42","guid":{"rendered":"https:\/\/susannegruber.de\/?page_id=2750"},"modified":"2026-04-01T15:48:27","modified_gmt":"2026-04-01T13:48:27","slug":"politique-de-confidentialite","status":"publish","type":"page","link":"https:\/\/susannegruber.de\/fr\/datenschutzerklaerung\/","title":{"rendered":"Politique de confidentialit\u00e9"},"content":{"rendered":"<div data-elementor-type=\"wp-page\" data-elementor-id=\"2750\" class=\"elementor elementor-2750\" data-elementor-post-type=\"page\">\n\t\t\t\t<div class=\"elementor-element elementor-element-2fa2b07 e-flex e-con-boxed e-con e-parent\" data-id=\"2fa2b07\" data-element_type=\"container\" data-e-type=\"container\">\n\t\t\t\t\t<div class=\"e-con-inner\">\n\t\t\t\t<div class=\"elementor-element elementor-element-b5ef71e elementor-widget elementor-widget-heading\" data-id=\"b5ef71e\" data-element_type=\"widget\" data-e-type=\"widget\" data-widget_type=\"heading.default\">\n\t\t\t\t<div class=\"elementor-widget-container\">\n\t\t\t\t\t<h2 class=\"elementor-heading-title elementor-size-default\">Politique de confidentialit\u00e9<\/h2>\t\t\t\t<\/div>\n\t\t\t\t<\/div>\n\t\t\t\t<div class=\"elementor-element elementor-element-387e633 elementor-widget elementor-widget-text-editor\" data-id=\"387e633\" data-element_type=\"widget\" data-e-type=\"widget\" data-widget_type=\"text-editor.default\">\n\t\t\t\t<div class=\"elementor-widget-container\">\n\t\t\t\t\t\t\t\t\t<h4 class=\"p1\"><strong>1. Protection des donn\u00e9es en un coup d'\u0153il<\/strong><\/h4><p class=\"p2\">Informations g\u00e9n\u00e9rales<\/p><p class=\"p3\">Les informations suivantes vous donnent un aper\u00e7u simple de ce qui advient de vos donn\u00e9es \u00e0 caract\u00e8re personnel lorsque vous visitez ce site Web. Les donn\u00e9es \u00e0 caract\u00e8re personnel sont toutes les donn\u00e9es qui permettent de vous identifier personnellement. Pour des informations d\u00e9taill\u00e9es sur la protection des donn\u00e9es, veuillez consulter notre politique de confidentialit\u00e9 figurant sous ce texte.<\/p><p class=\"p2\">Collecte de donn\u00e9es sur ce site Web<\/p><p class=\"p3\">Qui est responsable de la collecte des donn\u00e9es sur ce site Web ?<\/p><p class=\"p3\">Le traitement des donn\u00e9es sur ce site Web est effectu\u00e9 par l'exploitant du site Web. Vous trouverez ses coordonn\u00e9es dans la section \u201e Mention relative au responsable du traitement \u201c de la pr\u00e9sente politique de confidentialit\u00e9.<\/p><p class=\"p3\">Comment collectons-nous vos donn\u00e9es ?<\/p><p class=\"p3\">Vos donn\u00e9es sont collect\u00e9es d'une part lorsque vous nous les communiquez. Il peut s'agir par exemple de donn\u00e9es que vous saisissez dans un formulaire de contact. D'autres donn\u00e9es sont collect\u00e9es automatiquement ou apr\u00e8s votre consentement lors de la visite du site web par nos syst\u00e8mes informatiques. Il s'agit principalement de donn\u00e9es techniques (par exemple, le navigateur Internet, le syst\u00e8me d'exploitation ou l'heure de consultation de la page). La collecte de ces donn\u00e9es s'effectue automatiquement d\u00e8s que vous acc\u00e9dez \u00e0 ce site web.<\/p><p class=\"p3\">\u00c0 quoi utilisons-nous vos donn\u00e9es ?<\/p><p class=\"p3\">Une partie des donn\u00e9es est collect\u00e9e pour garantir un fonctionnement sans erreur du site Web. D'autres donn\u00e9es peuvent \u00eatre utilis\u00e9es pour analyser votre comportement d'utilisateur. Dans la mesure o\u00f9 des contrats peuvent \u00eatre conclus ou initi\u00e9s via le site Web, les donn\u00e9es transmises sont \u00e9galement trait\u00e9es pour des offres de contrat, des commandes ou d'autres demandes de commande.<\/p><p class=\"p1\">Quels sont vos droits concernant vos donn\u00e9es ?<\/p><p class=\"p1\">Vous avez le droit \u00e0 tout moment d'obtenir gratuitement des informations sur l'origine, le destinataire et la finalit\u00e9 de vos donn\u00e9es personnelles enregistr\u00e9es. Vous avez \u00e9galement le droit d'exiger la rectification ou la suppression de ces donn\u00e9es. Si vous avez donn\u00e9 votre consentement au traitement des donn\u00e9es, vous pouvez r\u00e9voquer ce consentement \u00e0 tout moment pour l'avenir. Vous avez en outre le droit d'exiger, dans certaines circonstances, la limitation du traitement de vos donn\u00e9es personnelles. Vous disposez par ailleurs d'un droit de recours aupr\u00e8s de l'autorit\u00e9 de contr\u00f4le comp\u00e9tente. Vous pouvez nous contacter \u00e0 tout moment \u00e0 ce sujet ainsi que pour toute autre question relative \u00e0 la protection des donn\u00e9es.<\/p><p class=\"p2\">Outils d'analyse et outils tiers<\/p><p class=\"p1\">Lors de la visite de ce site Web, votre comportement de navigation peut \u00eatre \u00e9valu\u00e9 \u00e0 des fins statistiques. Cela se fait principalement avec des programmes dits d'analyse. Des informations d\u00e9taill\u00e9es sur ces programmes d'analyse se trouvent dans la d\u00e9claration de protection des donn\u00e9es suivante.<\/p>\t\t\t\t\t\t\t\t<\/div>\n\t\t\t\t<\/div>\n\t\t\t\t<div class=\"elementor-element elementor-element-6c29c88 elementor-widget elementor-widget-text-editor\" data-id=\"6c29c88\" data-element_type=\"widget\" data-e-type=\"widget\" data-widget_type=\"text-editor.default\">\n\t\t\t\t<div class=\"elementor-widget-container\">\n\t\t\t\t\t\t\t\t\t<h4 class=\"p1\">2. H\u00e9bergement<\/h4><p class=\"p2\">Nous h\u00e9bergeons le contenu de notre site web chez le fournisseur suivant :<\/p><p class=\"p3\">All-Inkl<\/p><p class=\"p2\">Le fournisseur est ALL-INKL.COM \u2013 Neue Medien M\u00fcnnich, prop. Ren\u00e9 M\u00fcnnich, Hauptstra\u00dfe 68, 02742 Friedersdorf (ci-apr\u00e8s d\u00e9nomm\u00e9 All-Inkl). Pour plus de d\u00e9tails, veuillez consulter la politique de confidentialit\u00e9 d'All-Inkl :<\/p><p class=\"p4\">https:\/\/all-inkl.com\/datenschutzinformationen\/<span class=\"s1\">.<\/span><\/p><p class=\"p2\">L'utilisation d'All-Inkl se fait sur la base de l'art. 6, al. 1, let. f du RGPD. Nous avons un int\u00e9r\u00eat l\u00e9gitime \u00e0 une pr\u00e9sentation aussi fiable que possible de notre site web. Si un consentement correspondant a \u00e9t\u00e9 demand\u00e9, le traitement s'effectue exclusivement sur la base de l'art. 6, al. 1, let. a du RGPD et de l'art. 25, al. 1 de la TDDDG, dans la mesure o\u00f9 le consentement concerne le stockage de cookies ou<\/p><p class=\"p2\">L'acc\u00e8s \u00e0 des informations stock\u00e9es dans l'\u00e9quipement terminal de l'utilisateur (par exemple, le fingerprinting d'appareils) au sens de la loi TDDDG est inclus. Le consentement peut \u00eatre retir\u00e9 \u00e0 tout moment.<\/p><p class=\"p2\">Sous-traitance des donn\u00e9es<\/p><p class=\"p2\">Nous avons conclu un contrat de sous-traitance (DPA) pour l'utilisation du service susmentionn\u00e9. Il s'agit d'un contrat requis par la l\u00e9gislation sur la protection des donn\u00e9es qui garantit que celui-ci traite les donn\u00e9es personnelles des visiteurs de notre site web uniquement selon nos instructions et dans le respect du RGPD.<\/p>\t\t\t\t\t\t\t\t<\/div>\n\t\t\t\t<\/div>\n\t\t\t\t<div class=\"elementor-element elementor-element-ff8d18b elementor-widget elementor-widget-text-editor\" data-id=\"ff8d18b\" data-element_type=\"widget\" data-e-type=\"widget\" data-widget_type=\"text-editor.default\">\n\t\t\t\t<div class=\"elementor-widget-container\">\n\t\t\t\t\t\t\t\t\t<h4 class=\"p1\">3. Remarques g\u00e9n\u00e9rales et informations obligatoires<\/h4><p class=\"p2\">Protection des donn\u00e9es<\/p><p class=\"p3\">Les exploitants de ces pages prennent la protection de vos donn\u00e9es personnelles tr\u00e8s au s\u00e9rieux. Nous traitons vos donn\u00e9es personnelles de mani\u00e8re confidentielle et conform\u00e9ment aux dispositions l\u00e9gales relatives \u00e0 la protection des donn\u00e9es ainsi qu'\u00e0 la pr\u00e9sente d\u00e9claration de protection des donn\u00e9es.<\/p><p class=\"p1\">Lorsque vous utilisez ce site Web, diff\u00e9rentes donn\u00e9es personnelles sont collect\u00e9es.<\/p><p class=\"p1\">Les donn\u00e9es \u00e0 caract\u00e8re personnel sont des donn\u00e9es qui permettent de vous identifier personnellement. La pr\u00e9sente<\/p><p class=\"p1\">La politique de confidentialit\u00e9 explique quelles donn\u00e9es nous collectons et \u00e0 quoi nous les utilisons. Elle explique \u00e9galement comment<\/p><p class=\"p1\">et dans quel but cela est fait.<\/p><p class=\"p1\">Nous soulignons que la transmission de donn\u00e9es sur Internet (par exemple lors d'une communication par e-mail)<\/p><p class=\"p1\">peut pr\u00e9senter des failles de s\u00e9curit\u00e9. Une protection absolue des donn\u00e9es contre l'acc\u00e8s par des tiers n'est pas<\/p><p class=\"p1\">possible.<\/p><p class=\"p2\">Mention relative au responsable du traitement<\/p><p class=\"p1\">Le responsable du traitement des donn\u00e9es sur ce site Web est :<\/p><p class=\"p1\">Susanne Gruber<br \/>Paseo Mar\u00edtimo Levante 5b<br \/>29740 Torre del Mar<br \/>Espagne<\/p><p class=\"p1\">E-mail : hallo{aet}susannegruber.de<\/p><p class=\"p1\">Le responsable du traitement est la personne physique ou morale qui, seule ou conjointement avec d'autres, d\u00e9cide des finalit\u00e9s et des moyens du traitement de donn\u00e9es \u00e0 caract\u00e8re personnel (par ex. noms, adresses e-mail ou similaires).<\/p><p class=\"p1\">Dur\u00e9e de conservation<\/p><p class=\"p2\">\u00c0 moins qu'une dur\u00e9e de conservation sp\u00e9cifique n'ait \u00e9t\u00e9 indiqu\u00e9e dans la pr\u00e9sente politique de confidentialit\u00e9, vos donn\u00e9es personnelles restent conserv\u00e9es par nous jusqu'\u00e0 ce que la finalit\u00e9 du traitement des donn\u00e9es cesse de s'appliquer. Si vous faites valoir une demande de suppression l\u00e9gitime or r\u00e9voquez votre consentement au traitement des donn\u00e9es, vos donn\u00e9es seront supprim\u00e9es, \u00e0 moins que nous n'ayons d'autres motifs l\u00e9galement autoris\u00e9s pour la conservation de vos donn\u00e9es personnelles (par exemple, des d\u00e9lais de conservation relevant du droit fiscal ou commercial) ; dans ce dernier cas, la suppression interviendra apr\u00e8s la disparition de ces motifs.<\/p><p class=\"p1\">Informations g\u00e9n\u00e9rales sur les bases juridiques du traitement des donn\u00e9es sur ce site web<\/p><p class=\"p2\">Si vous avez consenti au traitement des donn\u00e9es, nous traitons vos donn\u00e9es personnelles sur la base de l'art. 6, al. 1, let. a du RGPD ou de l'art. 9, al. 2, let. a du RGPD, dans la mesure o\u00f9 des cat\u00e9gories particuli\u00e8res de donn\u00e9es au sens de l'art. 9, al. 1 du RGPD sont trait\u00e9es. En cas de consentement excepte au transfert de donn\u00e9es personnelles vers des pays tiers, le traitement des donn\u00e9es est en outre effectu\u00e9 sur la base de l'art.<\/p><p class=\"p2\">Art. 49 al. 1 let. a du RGPD. Si vous avez consenti au stockage de cookies ou \u00e0 l'acc\u00e8s \u00e0 des informations dans votre terminal (par exemple via le device fingerprinting), le traitement des donn\u00e9es est en outre fond\u00e9 sur l'art. 25 al. 1 de la loi allemande sur la protection des donn\u00e9es dans les t\u00e9l\u00e9communications et les t\u00e9l\u00e9m\u00e9dias (TDDDG). Le consentement peut \u00eatre r\u00e9voqu\u00e9 \u00e0 tout moment. Si vos donn\u00e9es sont n\u00e9cessaires \u00e0 l'ex\u00e9cution d'un contrat ou \u00e0 la mise en \u0153uvre de mesures pr\u00e9contractuelles, nous traitons vos donn\u00e9es sur la base de l'art. 6 al. 1 let. b du RGPD. En outre, nous traitons vos donn\u00e9es si cela est n\u00e9cessaire pour remplir une obligation l\u00e9gale, sur la base de l'art. 6 al. 1 let. c du RGPD.<\/p><p class=\"p2\">Le traitement des donn\u00e9es peut en outre \u00eatre effectu\u00e9 sur la base de notre int\u00e9r\u00eat l\u00e9gitime conform\u00e9ment \u00e0 l'art. 6 al. 1 let. f du RGPD. Les bases juridiques applicables dans chaque cas individuel sont indiqu\u00e9es dans les paragraphes suivants de la pr\u00e9sente politique de confidentialit\u00e9.<\/p><p class=\"p1\">Destinataire des donn\u00e9es \u00e0 caract\u00e8re personnel<\/p><p class=\"p2\">Dans le cadre de nos activit\u00e9s commerciales, nous collaborons avec diff\u00e9rents organismes externes. Cela implique parfois la transmission de donn\u00e9es \u00e0 caract\u00e8re personnel \u00e0 ces entit\u00e9s externes.<\/p><p class=\"p1\">Nous ne transmettons des donn\u00e9es \u00e0 caract\u00e8re personnel \u00e0 des destinataires externes que si cela est n\u00e9cessaire dans le cadre de l'ex\u00e9cution d'un contrat, si nous y sommes l\u00e9galement oblig\u00e9s (par exemple, transmission de donn\u00e9es aux autorit\u00e9s fiscales), si nous avons un int\u00e9r\u00eat l\u00e9gitime au sens de l'art. 6 al. 1 let. f du RGPD \u00e0 cette transmission, ou si une autre base juridique l'autorise. Lors du recours \u00e0 des sous-traitants, nous ne transmettons les donn\u00e9es \u00e0 caract\u00e8re personnel de nos clients que sur la base d'un contrat de sous-traitance valide. En cas de traitement conjoint, un contrat de traitement conjoint est conclu.<\/p><p class=\"p2\">R\u00e9vocation de votre consentement au traitement des donn\u00e9es<\/p><p class=\"p1\">De nombreuses op\u00e9rations de traitement des donn\u00e9es ne sont possibles qu'avec votre consentement expr\u00e8s. Vous pouvez r\u00e9voquer \u00e0 tout moment un consentement d\u00e9j\u00e0 accord\u00e9. La l\u00e9galit\u00e9 du traitement des donn\u00e9es effectu\u00e9 jusqu'\u00e0 la r\u00e9vocation n'est pas affect\u00e9e par celle-ci.<\/p><p class=\"p1\">Droit d'opposition \u00e0 la collecte de donn\u00e9es dans des cas particuliers ainsi qu'\u00e0<\/p><p class=\"p1\">Publicit\u00e9 directe (art. 21 RGPD)<\/p><p class=\"p2\">LORSQUE LE TRAITEMENT DES DONN\u00c9ES EST FOND\u00c9 SUR L'ART. 6, PAR. 1, LETT. E OU F DU RGPD, VOUS AVEZ LE DROIT DE VOUS OPPOSER \u00c0 TOUT MOMENT, POUR DES RAISONS TENANT \u00c0 VOTRE SITUATION PARTICULI\u00c8RE, AU TRAITEMENT DE VOS DONN\u00c9ES \u00c0 CARACT\u00c8RE PERSONNEL ; CELA S'APPLIQUE \u00c9GALEMENT A UN PROFILAGE FOND\u00c9 SUR CES DISPOSITIONS. LA BASE JURIDIQUE RESPECTIVE SUR LAQUELLE REPOSE UN TRAITEMENT PEUT \u00caTRE TROUV\u00c9E DANS LA PR\u00c9SENTE D\u00c9CLARATION DE CONFIDENTIALIT\u00c9. SI VOUS FORMULEZ UNE OPPOSITION, NOUS NE TRAITERONS PLUS VOS DONN\u00c9ES \u00c0 CARACT\u00c8RE PERSONNEL CONCERN\u00c9ES, \u00c0 MOINS QUE NOUS PUISSIONS D\u00c9MONTRER QU'IL EXISTE DES MOTIFS IMP\u00c9RIEUX ET L\u00c9GITIMES POUR LE TRAITEMENT QUI PR\u00c9VALENT SUR VOS INT\u00c9R\u00caTS, VOS DROITS ET VOS LIBERT\u00c9S, OU QUE LE TRAITEMENT SERT \u00c0 LA CONSTATATION, \u00c0 L'EXERCICE OU \u00c0 LA D\u00c9FENSE DE DROITS EN JUSTICE (OPPOSITION CONFORM\u00c9MENT \u00c0 L'ART. 21, PAR. 1 DU RGPD).<\/p><p class=\"p2\">SI VOS DONN\u00c9ES \u00c0 CARACT\u00c8RE PERSONNEL SONT TRAIT\u00c9ES \u00c0 DES FINS DE PROSPECTION, VOUS AVEZ LE DROIT DE VOUS OPPOSER \u00c0 TOUT MOMENT AU TRAITEMENT DES DONN\u00c9ES \u00c0 CARACT\u00c8RE PERSONNEL VOUS CONCERNANT \u00c0 TELLES FINS DE PROSPECTION ; CELA S'APPLIQUE \u00c9GALEMENT AU PROFILAGE DANS LA MESURE O\u00d9 IL EST LI\u00c9 \u00c0 UNE TELLE PROSPECTION. SI VOUS VOUS OPPOSEZ AU TRAITEMENT \u00c0 DES FINS DE PROSPECTION, VOS DONN\u00c9ES \u00c0 CARACT\u00c8RE PERSONNEL NE SERONT PLUS TRAIT\u00c9ES \u00c0 CES FINS (OPPOSITION CONFORM\u00c9MENT \u00c0 L'ART. 21 PAR. 2 RGPD).<\/p><p class=\"p1\">Droit de introduire une r\u00e9clamation aupr\u00e8s d'une autorit\u00e9 de contr\u00f4le<\/p><p class=\"p2\">En cas de violation du RGPD, les personnes concern\u00e9es ont le droit d'introduire une r\u00e9clamation aupr\u00e8s d'une autorit\u00e9 de contr\u00f4le, en particulier dans l'\u00c9tat membre de leur r\u00e9sidence habituelle, de leur lieu de travail ou du lieu o\u00f9 la violation aurait \u00e9t\u00e9 commise. Le droit de r\u00e9clamation s'exerce sans pr\u00e9judice de tout autre recours administratif ou juridictionnel. Droit \u00e0 la portabilit\u00e9 des donn\u00e9es : vous avez le droit de recevoir les donn\u00e9es que nous traitons de mani\u00e8re automatis\u00e9e sur la base de votre consentement ou en ex\u00e9cution d'un contrat, ou de les faire transmettre \u00e0 un tiers dans un format couramment utilis\u00e9 et lisible par machine. Si vous demandez la transmission directe des donn\u00e9es \u00e0 un autre responsable du traitement, cela ne sera fait que dans la mesure o\u00f9 cela est techniquement possible.<\/p><p class=\"p1\">Acc\u00e8s, rectification et suppression<\/p><p class=\"p1\">Vous disposez \u00e0 tout moment, dans le cadre des dispositions l\u00e9gales en vigueur, d'un droit d'acc\u00e8s gratuit \u00e0 vos donn\u00e9es personnelles enregistr\u00e9es, \u00e0 leur origine et \u00e0 leurs destinataires ainsi qu'\u00e0 la finalit\u00e9 du traitement des donn\u00e9es et, le cas \u00e9ch\u00e9ant, d'un droit de rectification ou de suppression de ces donn\u00e9es. Vous pouvez \u00e0 tout moment nous contacter \u00e0 ce sujet ainsi que pour toute autre question relative aux donn\u00e9es personnelles.<\/p><p class=\"p2\">Droit \u00e0 la limitation du traitement<\/p><p class=\"p1\">Vous avez le droit de demander la limitation du traitement de vos donn\u00e9es \u00e0 caract\u00e8re personnel. Pour ce faire, vous pouvez nous contacter \u00e0 tout moment. Le droit \u00e0 la limitation du traitement existe dans les cas suivants :<\/p><p class=\"p1\">Si vous contestez l'exactitude de vos donn\u00e9es personnelles enregistr\u00e9es chez nous, nous avons g\u00e9n\u00e9ralement besoin de temps pour le v\u00e9rifier. Pendant la dur\u00e9e de cette v\u00e9rification, vous avez le droit d'exiger la limitation du traitement de vos donn\u00e9es personnelles.<\/p><p class=\"p1\">Si le traitement de vos donn\u00e9es \u00e0 caract\u00e8re personnel a eu lieu ou a lieu de mani\u00e8re illicite, vous pouvez exiger la limitation du traitement des donn\u00e9es au lieu de leur effacement.<\/p><p class=\"p1\">Lorsque nous n'avons plus besoin de vos donn\u00e9es \u00e0 caract\u00e8re personnel, mais que vous en avez besoin pour l'exercice, la d\u00e9fense ou la revendication de droits en justice, vous avez le droit d'exiger la limitation du traitement de vos donn\u00e9es \u00e0 caract\u00e8re personnel au lieu de leur effacement.<\/p><p class=\"p1\">Si vous avez fait opposition conform\u00e9ment \u00e0 l'art. 21 al. 1 du RGPD, une pond\u00e9ration doit \u00eatre effectu\u00e9e entre vos int\u00e9r\u00eats et les n\u00f4tres. Tant qu'il n'est pas \u00e9tabli quels int\u00e9r\u00eats pr\u00e9valent, vous avez le droit de demander la limitation du traitement de vos donn\u00e9es \u00e0 caract\u00e8re personnel.<\/p><p class=\"p1\">Si vous avez obtenu la limitation du traitement de vos donn\u00e9es \u00e0 caract\u00e8re personnel, ces donn\u00e9es ne peuvent \u00eatre trait\u00e9es \u2013 \u00e0 l'exception de leur stockage \u2013 qu'avec votre consentement, ou pour la constatation, l'exercice ou la d\u00e9fense de droits en justice, ou pour la protection des droits d'une autre personne physique ou morale, ou encore pour des motifs importants d'int\u00e9r\u00eat public de l'Union europ\u00e9enne ou d'un \u00c9tat membre.<\/p><p class=\"p1\">Chiffrement SSL ou TLS<\/p><p class=\"p2\">Cette page utilise un chiffrement SSL ou TLS pour des raisons de s\u00e9curit\u00e9 et pour prot\u00e9ger la transmission de contenus confidentiels, tels que les commandes ou les demandes que vous nous envoyez en tant qu'exploitant du site. Vous pouvez reconna\u00eetre qu'une connexion est chiffr\u00e9e lorsque la ligne d'adresse du navigateur passe de \u201e http:\/\/ \u201c \u00e0 \u201e https:\/\/ \u201c et gr\u00e2ce au symbole de cadenas dans la barre de votre navigateur.<\/p><p class=\"p2\">Lorsque le chiffrement SSL ou TLS est activ\u00e9, les donn\u00e9es que vous nous transmettez ne peuvent pas \u00eatre lues par des tiers.<\/p>\t\t\t\t\t\t\t\t<\/div>\n\t\t\t\t<\/div>\n\t\t\t\t<div class=\"elementor-element elementor-element-68a75c7 elementor-widget elementor-widget-text-editor\" data-id=\"68a75c7\" data-element_type=\"widget\" data-e-type=\"widget\" data-widget_type=\"text-editor.default\">\n\t\t\t\t<div class=\"elementor-widget-container\">\n\t\t\t\t\t\t\t\t\t<h4 class=\"p1\">4. Collecte de donn\u00e9es sur ce site Web<\/h4><p class=\"p1\">Biscuits<\/p><p class=\"p2\">Nos pages Internet utilisent ce que l'on appelle des \u201e cookies \u201c. Les cookies sont de petits paquets de donn\u00e9es qui ne causent aucun dommage \u00e0 votre appareil. Ils sont enregistr\u00e9s sur votre appareil soit temporairement pour la dur\u00e9e d'une session (cookies de session), soit de mani\u00e8re permanente (cookies permanents). Les cookies de session sont automatiquement supprim\u00e9s \u00e0 la fin de votre visite. Les cookies permanents restent stock\u00e9s sur votre appareil jusqu'\u00e0 ce que vous les supprimiez vous-m\u00eame ou qu'une suppression automatique soit effectu\u00e9e par votre navigateur web.<\/p><p class=\"p2\">Les cookies peuvent provenir de nous (cookies internes) ou d'entreprises tierces (les 3rd-party cookies ou cookies tiers). Les cookies tiers permettent l'int\u00e9gration de certains services d'entreprises tierces au sein des sites Internet (par exemple, des cookies pour le traitement des services de paiement).<\/p><p class=\"p1\">Les cookies ont diff\u00e9rentes fonctions. De nombreux cookies sont techniquement n\u00e9cessaires, car certaines fonctionnalit\u00e9s de sites Web ne fonctionnons pas sans eux (par exemple, la fonction de panier d'achat ou l'affichage de vid\u00e9os). D'autres cookies peuvent \u00eatre utilis\u00e9s pour analyser le comportement des utilisateurs ou \u00e0 des fins publicitaires.<\/p><p class=\"p1\">Les cookies qui sont n\u00e9cessaires \u00e0 l'ex\u00e9cution de la communication \u00e9lectronique, \u00e0 la mise \u00e0 disposition de certaines fonctions que vous avez souhait\u00e9es (par exemple pour la fonction de panier d'achat) ou \u00e0 l'optimisation du site web (par exemple les cookies de mesure d'audience) (cookies n\u00e9cessaires) sont enregistr\u00e9s sur la base de l'art. 6, al. 1, let. f du RGPD, sauf si une autre base juridique est indiqu\u00e9e.<\/p><p class=\"p1\">L'exploitant du site Web a un int\u00e9r\u00eat l\u00e9gitime \u00e0 stocker les cookies n\u00e9cessaires \u00e0 la mise en offre technique irr\u00e9prochable et optimis\u00e9e de ses services. Si un consentement au stockage de cookies et de technologies de reconnaissance similaires a \u00e9t\u00e9 demand\u00e9, le traitement s'effectue exclusivement sur la base de ce consentement (art. 6, al. 1, let. a du RGPD et art. 25, al. 1 de la loi allemande TDDDG) ; le consentement peut \u00eatre r\u00e9voqu\u00e9 \u00e0 tout moment.<\/p><p class=\"p1\">Vous pouvez configurer votre navigateur de mani\u00e8re \u00e0 \u00eatre inform\u00e9 de l'enregistrement de cookies et \u00e0 n'autoriser les cookies que dans des cas sp\u00e9cifiques, \u00e0 exclure l'acceptation de cookies pour certains cas ou de mani\u00e8re g\u00e9n\u00e9rale, ainsi qu'\u00e0 activer la suppression automatique des cookies lors de la fermeture du navigateur. En cas de d\u00e9sactivation des cookies, la fonctionnalit\u00e9 de ce site web peut \u00eatre restreinte.<\/p><p class=\"p1\">Si d'autres cookies et services sont utilis\u00e9s sur ce site Web, vous pouvez le voir dans cette d\u00e9claration de protection des donn\u00e9es.<\/p><p class=\"p1\">Source : https:\/\/www.e-recht24.de<\/p>\t\t\t\t\t\t\t\t<\/div>\n\t\t\t\t<\/div>\n\t\t\t\t\t<\/div>\n\t\t\t\t<\/div>\n\t\t\t\t<\/div>","protected":false},"excerpt":{"rendered":"<p>Datenschutzerkl\u00e4rung 1. Datenschutz auf einen Blick Allgemeine Hinweise Die folgenden Hinweise geben einen einfachen \u00dcberblick dar\u00fcber, was mit Ihren personenbezogenen Daten passiert, wenn Sie diese Website besuchen. Personenbezogene Daten sind alle Daten, mit denen Sie pers\u00f6nlich identifiziert werden k\u00f6nnen. Ausf\u00fchrliche Informationen zum Thema Datenschutz entnehmen Sie unserer unter diesem Text aufgef\u00fchrten Datenschutzerkl\u00e4rung. Datenerfassung auf dieser [&hellip;]<\/p>\n","protected":false},"author":1,"featured_media":0,"parent":0,"menu_order":0,"comment_status":"closed","ping_status":"closed","template":"","meta":{"site-sidebar-layout":"no-sidebar","site-content-layout":"page-builder","ast-site-content-layout":"full-width-container","site-content-style":"default","site-sidebar-style":"default","ast-global-header-display":"disabled","ast-banner-title-visibility":"disabled","ast-main-header-display":"","ast-hfb-above-header-display":"","ast-hfb-below-header-display":"","ast-hfb-mobile-header-display":"","site-post-title":"disabled","ast-breadcrumbs-content":"","ast-featured-img":"disabled","footer-sml-layout":"disabled","ast-disable-related-posts":"","theme-transparent-header-meta":"","adv-header-id-meta":"","stick-header-meta":"","header-above-stick-meta":"","header-main-stick-meta":"","header-below-stick-meta":"","astra-migrate-meta-layouts":"set","ast-page-background-enabled":"default","ast-page-background-meta":{"desktop":{"background-color":"","background-image":"","background-repeat":"repeat","background-position":"center center","background-size":"auto","background-attachment":"scroll","background-type":"","background-media":"","overlay-type":"","overlay-color":"","overlay-opacity":"","overlay-gradient":""},"tablet":{"background-color":"","background-image":"","background-repeat":"repeat","background-position":"center center","background-size":"auto","background-attachment":"scroll","background-type":"","background-media":"","overlay-type":"","overlay-color":"","overlay-opacity":"","overlay-gradient":""},"mobile":{"background-color":"","background-image":"","background-repeat":"repeat","background-position":"center center","background-size":"auto","background-attachment":"scroll","background-type":"","background-media":"","overlay-type":"","overlay-color":"","overlay-opacity":"","overlay-gradient":""}},"ast-content-background-meta":{"desktop":{"background-color":"var(--ast-global-color-5)","background-image":"","background-repeat":"repeat","background-position":"center center","background-size":"auto","background-attachment":"scroll","background-type":"","background-media":"","overlay-type":"","overlay-color":"","overlay-opacity":"","overlay-gradient":""},"tablet":{"background-color":"var(--ast-global-color-5)","background-image":"","background-repeat":"repeat","background-position":"center center","background-size":"auto","background-attachment":"scroll","background-type":"","background-media":"","overlay-type":"","overlay-color":"","overlay-opacity":"","overlay-gradient":""},"mobile":{"background-color":"var(--ast-global-color-5)","background-image":"","background-repeat":"repeat","background-position":"center center","background-size":"auto","background-attachment":"scroll","background-type":"","background-media":"","overlay-type":"","overlay-color":"","overlay-opacity":"","overlay-gradient":""}},"footnotes":""},"class_list":["post-2750","page","type-page","status-publish","hentry"],"_links":{"self":[{"href":"https:\/\/susannegruber.de\/fr\/wp-json\/wp\/v2\/pages\/2750","targetHints":{"allow":["GET"]}}],"collection":[{"href":"https:\/\/susannegruber.de\/fr\/wp-json\/wp\/v2\/pages"}],"about":[{"href":"https:\/\/susannegruber.de\/fr\/wp-json\/wp\/v2\/types\/page"}],"author":[{"embeddable":true,"href":"https:\/\/susannegruber.de\/fr\/wp-json\/wp\/v2\/users\/1"}],"replies":[{"embeddable":true,"href":"https:\/\/susannegruber.de\/fr\/wp-json\/wp\/v2\/comments?post=2750"}],"version-history":[{"count":10,"href":"https:\/\/susannegruber.de\/fr\/wp-json\/wp\/v2\/pages\/2750\/revisions"}],"predecessor-version":[{"id":2772,"href":"https:\/\/susannegruber.de\/fr\/wp-json\/wp\/v2\/pages\/2750\/revisions\/2772"}],"wp:attachment":[{"href":"https:\/\/susannegruber.de\/fr\/wp-json\/wp\/v2\/media?parent=2750"}],"curies":[{"name":"wp","href":"https:\/\/api.w.org\/{rel}","templated":true}]}}